{"id":131,"date":"2023-06-28T21:01:36","date_gmt":"2023-06-29T00:01:36","guid":{"rendered":"https:\/\/lucianalluna.com\/habitualmente\/?page_id=131"},"modified":"2023-07-03T21:33:02","modified_gmt":"2023-07-04T00:33:02","slug":"sobre","status":"publish","type":"page","link":"https:\/\/lucianalluna.com\/habitualmente\/","title":{"rendered":"Sobre"},"content":{"rendered":"\n<p>Ol\u00e1 seja bem vindo (a)!<\/p>\n\n\n\n<p>De antem\u00e3o, tenho como objetivo aqui fornecer dicas pr\u00e1ticas e orienta\u00e7\u00f5es sobre como cuidar da sua sa\u00fade mental. Ainda mais entendendo que ela \u00e9 um aspecto fundamental do nosso bem-estar geral! O estresse, a ansiedade, a depress\u00e3o e outros problemas mentais afetam milh\u00f5es de pessoas em todo o mundo, mas muitas vezes negligenciado em nossa sociedade.<\/p>\n\n\n\n<p>Sob o mesmo ponto de vista, ao levarmos em considera\u00e7\u00e3o que s\u00f3 conseguimos mudar \u00e0quilo que tomamos consci\u00eancia, quando voc\u00ea deseja entender o que est\u00e1 sentindo e como est\u00e1 sentindo \u00e9 um dos passos primordiais que te levar\u00e1 a ter mudan\u00e7as significativas em sua vida.<\/p>\n\n\n\n<p>Aprender a reconhecer os sinais como estresse excessivo, falta de motiva\u00e7\u00e3o, mudan\u00e7as de humor e outros sintomas que podem indicar a necessidade de cuidar da sua sa\u00fade mental, \u00e9 o primeiro passo para buscar ajuda e tratamento adequado. Assim tamb\u00e9m, ao identificar e expressar nossas emo\u00e7\u00f5es, podemos desenvolver relacionamentos mais saud\u00e1veis.  <\/p>\n\n\n\n<p>Dessa forma, me sinto honrada, como psic\u00f3loga, em poder acompanhar cada conquista alcan\u00e7ada dos meus pacientes que me procuram buscando transforma\u00e7\u00e3o e equil\u00edbrio em suas vidas. <\/p>\n\n\n\n<p>Ainda mais, quando trazem em sess\u00e3o feedbacks como<strong>: <\/strong><\/p>\n\n\n\n<ul class=\"wp-block-list\">\n<li><strong>&#8220;Eu n\u00e3o esperava perceber os resultados j\u00e1 nas primeiras sess\u00f5es!&#8221;<\/strong><\/li>\n\n\n\n<li><strong>&#8220;Me sinto muito feliz, pois tomo medica\u00e7\u00e3o h\u00e1 mais de 15 anos e estou em processo de desmame!&#8221;<\/strong><\/li>\n\n\n\n<li><strong>&#8220;Sou grata a voc\u00ea em estar lidando melhor com as minhas emo\u00e7\u00f5es<\/strong>&#8220;.<\/li>\n\n\n\n<li><strong>&#8220;Aprendo em cada sess\u00e3o como canalizar a energia da ansiedade para situa\u00e7\u00f5es produtivas&#8221;.<\/strong><\/li>\n<\/ul>\n\n\n\n<p>Em suma, cada feedback desse, s\u00f3 impulsiona a vontade de continuar seguindo o meu prop\u00f3sito, me capacitando ainda mais, para proporcionar a melhor experi\u00eancia para cada pessoa que atendo. <\/p>\n\n\n\n<p><strong>OBS<\/strong>: Cuidar da sua sa\u00fade mental, deve ser uma prioridade em sua vida. Caso esteja passando por alguma dificuldade, n\u00e3o hesite em buscar ajuda profissional.<\/p>\n","protected":false},"excerpt":{"rendered":"<p>Ol\u00e1 seja bem vindo (a)! De antem\u00e3o, tenho como objetivo aqui fornecer dicas pr\u00e1ticas e orienta\u00e7\u00f5es sobre como cuidar da sua sa\u00fade mental. Ainda mais entendendo que ela \u00e9 um aspecto fundamental do nosso bem-estar geral! O estresse, a ansiedade, a depress\u00e3o e outros problemas mentais afetam milh\u00f5es de pessoas em todo o mundo, mas &#8230; <a title=\"Sobre\" class=\"read-more\" href=\"https:\/\/lucianalluna.com\/habitualmente\/\" aria-label=\"Read more about Sobre\">Ler mais<\/a><\/p>\n","protected":false},"author":1,"featured_media":0,"parent":0,"menu_order":0,"comment_status":"closed","ping_status":"closed","template":"","meta":{"footnotes":""},"class_list":["post-131","page","type-page","status-publish"],"yoast_head":"<!-- This site is optimized with the Yoast SEO plugin v27.4 - https:\/\/yoast.com\/product\/yoast-seo-wordpress\/ -->\n<title>Sobre - Habitualmente<\/title>\n<meta name=\"description\" content=\"A sa\u00fade mental \u00e9 t\u00e3o importante quanto a sa\u00fade f\u00edsica, e cuidar dela deve ser uma prioridade em sua vida. Caso esteja passando por alguma dificuldade, n\u00e3o hesite em buscar ajuda profissional.\" \/>\n<meta name=\"robots\" content=\"index, follow, max-snippet:-1, max-image-preview:large, max-video-preview:-1\" \/>\n<link rel=\"canonical\" href=\"https:\/\/lucianalluna.com\/habitualmente\/\" \/>\n<meta property=\"og:locale\" content=\"pt_BR\" \/>\n<meta property=\"og:type\" content=\"article\" \/>\n<meta property=\"og:title\" content=\"Sobre - Habitualmente\" \/>\n<meta property=\"og:description\" content=\"A sa\u00fade mental \u00e9 t\u00e3o importante quanto a sa\u00fade f\u00edsica, e cuidar dela deve ser uma prioridade em sua vida. Caso esteja passando por alguma dificuldade, n\u00e3o hesite em buscar ajuda profissional.\" \/>\n<meta property=\"og:url\" content=\"https:\/\/lucianalluna.com\/habitualmente\/\" \/>\n<meta property=\"og:site_name\" content=\"Habitualmente\" \/>\n<meta property=\"article:modified_time\" content=\"2023-07-04T00:33:02+00:00\" \/>\n<meta name=\"twitter:card\" content=\"summary_large_image\" \/>\n<meta name=\"twitter:label1\" content=\"Est. tempo de leitura\" \/>\n\t<meta name=\"twitter:data1\" content=\"2 minutos\" \/>\n<script type=\"application\/ld+json\" class=\"yoast-schema-graph\">{\"@context\":\"https:\\\/\\\/schema.org\",\"@graph\":[{\"@type\":\"WebPage\",\"@id\":\"https:\\\/\\\/lucianalluna.com\\\/habitualmente\\\/\",\"url\":\"https:\\\/\\\/lucianalluna.com\\\/habitualmente\\\/\",\"name\":\"Sobre - Habitualmente\",\"isPartOf\":{\"@id\":\"https:\\\/\\\/lucianalluna.com\\\/habitualmente\\\/#website\"},\"datePublished\":\"2023-06-29T00:01:36+00:00\",\"dateModified\":\"2023-07-04T00:33:02+00:00\",\"description\":\"A sa\u00fade mental \u00e9 t\u00e3o importante quanto a sa\u00fade f\u00edsica, e cuidar dela deve ser uma prioridade em sua vida. Caso esteja passando por alguma dificuldade, n\u00e3o hesite em buscar ajuda profissional.\",\"breadcrumb\":{\"@id\":\"https:\\\/\\\/lucianalluna.com\\\/habitualmente\\\/#breadcrumb\"},\"inLanguage\":\"pt-BR\",\"potentialAction\":[{\"@type\":\"ReadAction\",\"target\":[\"https:\\\/\\\/lucianalluna.com\\\/habitualmente\\\/\"]}]},{\"@type\":\"BreadcrumbList\",\"@id\":\"https:\\\/\\\/lucianalluna.com\\\/habitualmente\\\/#breadcrumb\",\"itemListElement\":[{\"@type\":\"ListItem\",\"position\":1,\"name\":\"In\u00edcio\",\"item\":\"https:\\\/\\\/lucianalluna.com\\\/habitualmente\\\/\"},{\"@type\":\"ListItem\",\"position\":2,\"name\":\"Sobre\"}]},{\"@type\":\"WebSite\",\"@id\":\"https:\\\/\\\/lucianalluna.com\\\/habitualmente\\\/#website\",\"url\":\"https:\\\/\\\/lucianalluna.com\\\/habitualmente\\\/\",\"name\":\"Habitualmente\",\"description\":\"\",\"publisher\":{\"@id\":\"https:\\\/\\\/lucianalluna.com\\\/habitualmente\\\/#\\\/schema\\\/person\\\/877ddd38b0ebfa261bc1b8db8ebc3743\"},\"alternateName\":\"H\u00e1bitos\",\"potentialAction\":[{\"@type\":\"SearchAction\",\"target\":{\"@type\":\"EntryPoint\",\"urlTemplate\":\"https:\\\/\\\/lucianalluna.com\\\/habitualmente\\\/?s={search_term_string}\"},\"query-input\":{\"@type\":\"PropertyValueSpecification\",\"valueRequired\":true,\"valueName\":\"search_term_string\"}}],\"inLanguage\":\"pt-BR\"},{\"@type\":[\"Person\",\"Organization\"],\"@id\":\"https:\\\/\\\/lucianalluna.com\\\/habitualmente\\\/#\\\/schema\\\/person\\\/877ddd38b0ebfa261bc1b8db8ebc3743\",\"name\":\"llluna.psi\",\"image\":{\"@type\":\"ImageObject\",\"inLanguage\":\"pt-BR\",\"@id\":\"https:\\\/\\\/secure.gravatar.com\\\/avatar\\\/fd7828cafcc8e0dcb3d8dfe0a761586133106965efaf7b2db45b207d763d2283?s=96&d=mm&r=g\",\"url\":\"https:\\\/\\\/secure.gravatar.com\\\/avatar\\\/fd7828cafcc8e0dcb3d8dfe0a761586133106965efaf7b2db45b207d763d2283?s=96&d=mm&r=g\",\"contentUrl\":\"https:\\\/\\\/secure.gravatar.com\\\/avatar\\\/fd7828cafcc8e0dcb3d8dfe0a761586133106965efaf7b2db45b207d763d2283?s=96&d=mm&r=g\",\"caption\":\"llluna.psi\"},\"logo\":{\"@id\":\"https:\\\/\\\/secure.gravatar.com\\\/avatar\\\/fd7828cafcc8e0dcb3d8dfe0a761586133106965efaf7b2db45b207d763d2283?s=96&d=mm&r=g\"},\"description\":\"Sou Luciana L. Luna, Psic\u00f3loga Cl\u00ednica, graduada desde 2011, com atua\u00e7\u00e3o voltada para o atendimento psicol\u00f3gico online. Tenho me dedicado especialmente ao cuidado de pessoas que enfrentam sintomas de ansiedade, oferecendo um espa\u00e7o acolhedor, \u00e9tico e direcionado ao autoconhecimento e desenvolvimento emocional. Minha pr\u00e1tica \u00e9 fundamentada na Terapia Cognitivo-Comportamental (TCC), abordagem reconhecida cientificamente por sua efic\u00e1cia. Atrav\u00e9s dela, ajudo meus pacientes a compreenderem de forma mais clara a rela\u00e7\u00e3o entre pensamentos, emo\u00e7\u00f5es e comportamentos \u2014 promovendo mudan\u00e7as significativas na forma como interpretam e lidam com as situa\u00e7\u00f5es cotidianas. O objetivo \u00e9 que, com suporte t\u00e9cnico e reflex\u00e3o guiada, cada pessoa possa construir caminhos mais conscientes e saud\u00e1veis de enfrentamento, desenvolvendo uma nova forma de se relacionar consigo mesma, com os outros e com o mundo ao seu redor.\",\"sameAs\":[\"https:\\\/\\\/lucianalluna.com\\\/habitualmente\",\"https:\\\/\\\/www.instagram.com\\\/llluna.psi?igsh=MTg1ZDhqdGVyNG1reA==\"]}]}<\/script>\n<!-- \/ Yoast SEO plugin. -->","yoast_head_json":{"title":"Sobre - Habitualmente","description":"A sa\u00fade mental \u00e9 t\u00e3o importante quanto a sa\u00fade f\u00edsica, e cuidar dela deve ser uma prioridade em sua vida. Caso esteja passando por alguma dificuldade, n\u00e3o hesite em buscar ajuda profissional.","robots":{"index":"index","follow":"follow","max-snippet":"max-snippet:-1","max-image-preview":"max-image-preview:large","max-video-preview":"max-video-preview:-1"},"canonical":"https:\/\/lucianalluna.com\/habitualmente\/","og_locale":"pt_BR","og_type":"article","og_title":"Sobre - Habitualmente","og_description":"A sa\u00fade mental \u00e9 t\u00e3o importante quanto a sa\u00fade f\u00edsica, e cuidar dela deve ser uma prioridade em sua vida. Caso esteja passando por alguma dificuldade, n\u00e3o hesite em buscar ajuda profissional.","og_url":"https:\/\/lucianalluna.com\/habitualmente\/","og_site_name":"Habitualmente","article_modified_time":"2023-07-04T00:33:02+00:00","twitter_card":"summary_large_image","twitter_misc":{"Est. tempo de leitura":"2 minutos"},"schema":{"@context":"https:\/\/schema.org","@graph":[{"@type":"WebPage","@id":"https:\/\/lucianalluna.com\/habitualmente\/","url":"https:\/\/lucianalluna.com\/habitualmente\/","name":"Sobre - Habitualmente","isPartOf":{"@id":"https:\/\/lucianalluna.com\/habitualmente\/#website"},"datePublished":"2023-06-29T00:01:36+00:00","dateModified":"2023-07-04T00:33:02+00:00","description":"A sa\u00fade mental \u00e9 t\u00e3o importante quanto a sa\u00fade f\u00edsica, e cuidar dela deve ser uma prioridade em sua vida. Caso esteja passando por alguma dificuldade, n\u00e3o hesite em buscar ajuda profissional.","breadcrumb":{"@id":"https:\/\/lucianalluna.com\/habitualmente\/#breadcrumb"},"inLanguage":"pt-BR","potentialAction":[{"@type":"ReadAction","target":["https:\/\/lucianalluna.com\/habitualmente\/"]}]},{"@type":"BreadcrumbList","@id":"https:\/\/lucianalluna.com\/habitualmente\/#breadcrumb","itemListElement":[{"@type":"ListItem","position":1,"name":"In\u00edcio","item":"https:\/\/lucianalluna.com\/habitualmente\/"},{"@type":"ListItem","position":2,"name":"Sobre"}]},{"@type":"WebSite","@id":"https:\/\/lucianalluna.com\/habitualmente\/#website","url":"https:\/\/lucianalluna.com\/habitualmente\/","name":"Habitualmente","description":"","publisher":{"@id":"https:\/\/lucianalluna.com\/habitualmente\/#\/schema\/person\/877ddd38b0ebfa261bc1b8db8ebc3743"},"alternateName":"H\u00e1bitos","potentialAction":[{"@type":"SearchAction","target":{"@type":"EntryPoint","urlTemplate":"https:\/\/lucianalluna.com\/habitualmente\/?s={search_term_string}"},"query-input":{"@type":"PropertyValueSpecification","valueRequired":true,"valueName":"search_term_string"}}],"inLanguage":"pt-BR"},{"@type":["Person","Organization"],"@id":"https:\/\/lucianalluna.com\/habitualmente\/#\/schema\/person\/877ddd38b0ebfa261bc1b8db8ebc3743","name":"llluna.psi","image":{"@type":"ImageObject","inLanguage":"pt-BR","@id":"https:\/\/secure.gravatar.com\/avatar\/fd7828cafcc8e0dcb3d8dfe0a761586133106965efaf7b2db45b207d763d2283?s=96&d=mm&r=g","url":"https:\/\/secure.gravatar.com\/avatar\/fd7828cafcc8e0dcb3d8dfe0a761586133106965efaf7b2db45b207d763d2283?s=96&d=mm&r=g","contentUrl":"https:\/\/secure.gravatar.com\/avatar\/fd7828cafcc8e0dcb3d8dfe0a761586133106965efaf7b2db45b207d763d2283?s=96&d=mm&r=g","caption":"llluna.psi"},"logo":{"@id":"https:\/\/secure.gravatar.com\/avatar\/fd7828cafcc8e0dcb3d8dfe0a761586133106965efaf7b2db45b207d763d2283?s=96&d=mm&r=g"},"description":"Sou Luciana L. Luna, Psic\u00f3loga Cl\u00ednica, graduada desde 2011, com atua\u00e7\u00e3o voltada para o atendimento psicol\u00f3gico online. Tenho me dedicado especialmente ao cuidado de pessoas que enfrentam sintomas de ansiedade, oferecendo um espa\u00e7o acolhedor, \u00e9tico e direcionado ao autoconhecimento e desenvolvimento emocional. Minha pr\u00e1tica \u00e9 fundamentada na Terapia Cognitivo-Comportamental (TCC), abordagem reconhecida cientificamente por sua efic\u00e1cia. Atrav\u00e9s dela, ajudo meus pacientes a compreenderem de forma mais clara a rela\u00e7\u00e3o entre pensamentos, emo\u00e7\u00f5es e comportamentos \u2014 promovendo mudan\u00e7as significativas na forma como interpretam e lidam com as situa\u00e7\u00f5es cotidianas. O objetivo \u00e9 que, com suporte t\u00e9cnico e reflex\u00e3o guiada, cada pessoa possa construir caminhos mais conscientes e saud\u00e1veis de enfrentamento, desenvolvendo uma nova forma de se relacionar consigo mesma, com os outros e com o mundo ao seu redor.","sameAs":["https:\/\/lucianalluna.com\/habitualmente","https:\/\/www.instagram.com\/llluna.psi?igsh=MTg1ZDhqdGVyNG1reA=="]}]}},"_hostinger_reach_plugin_has_subscription_block":false,"_hostinger_reach_plugin_is_elementor":false,"_links":{"self":[{"href":"https:\/\/lucianalluna.com\/habitualmente\/wp-json\/wp\/v2\/pages\/131","targetHints":{"allow":["GET"]}}],"collection":[{"href":"https:\/\/lucianalluna.com\/habitualmente\/wp-json\/wp\/v2\/pages"}],"about":[{"href":"https:\/\/lucianalluna.com\/habitualmente\/wp-json\/wp\/v2\/types\/page"}],"author":[{"embeddable":true,"href":"https:\/\/lucianalluna.com\/habitualmente\/wp-json\/wp\/v2\/users\/1"}],"replies":[{"embeddable":true,"href":"https:\/\/lucianalluna.com\/habitualmente\/wp-json\/wp\/v2\/comments?post=131"}],"version-history":[{"count":10,"href":"https:\/\/lucianalluna.com\/habitualmente\/wp-json\/wp\/v2\/pages\/131\/revisions"}],"predecessor-version":[{"id":193,"href":"https:\/\/lucianalluna.com\/habitualmente\/wp-json\/wp\/v2\/pages\/131\/revisions\/193"}],"wp:attachment":[{"href":"https:\/\/lucianalluna.com\/habitualmente\/wp-json\/wp\/v2\/media?parent=131"}],"curies":[{"name":"wp","href":"https:\/\/api.w.org\/{rel}","templated":true}]}}